{"id":3,"date":"2022-11-16T20:13:48","date_gmt":"2022-11-16T20:13:48","guid":{"rendered":"https:\/\/lacyclerie-moliets.fr\/?page_id=3"},"modified":"2026-01-04T17:20:03","modified_gmt":"2026-01-04T17:20:03","slug":"conditionsgenerales","status":"publish","type":"page","link":"https:\/\/lacyclerie-moliets.fr\/es\/conditionsgenerales\/","title":{"rendered":"Condiciones generales de alquiler"},"content":{"rendered":"<div data-elementor-type=\"wp-page\" data-elementor-id=\"3\" class=\"elementor elementor-3\" data-elementor-post-type=\"page\">\n\t\t\t\t\t\t<section class=\"elementor-section elementor-top-section elementor-element elementor-element-565f38b elementor-section-boxed elementor-section-height-default elementor-section-height-default\" data-id=\"565f38b\" data-element_type=\"section\" data-e-type=\"section\" data-settings=\"{&quot;background_background&quot;:&quot;classic&quot;}\">\n\t\t\t\t\t\t\t<div class=\"elementor-background-overlay\"><\/div>\n\t\t\t\t\t\t\t<div class=\"elementor-container elementor-column-gap-no\">\n\t\t\t\t\t<div class=\"elementor-column elementor-col-100 elementor-top-column elementor-element elementor-element-65bb4a2\" data-id=\"65bb4a2\" data-element_type=\"column\" data-e-type=\"column\">\n\t\t\t<div class=\"elementor-widget-wrap elementor-element-populated\">\n\t\t\t\t\t\t<div class=\"elementor-element elementor-element-c316219 elementor-widget elementor-widget-heading\" data-id=\"c316219\" data-element_type=\"widget\" data-e-type=\"widget\" data-widget_type=\"heading.default\">\n\t\t\t\t<div class=\"elementor-widget-container\">\n\t\t\t\t\t<h1 class=\"elementor-heading-title elementor-size-default\">Condiciones generales de alquiler<\/h1>\t\t\t\t<\/div>\n\t\t\t\t<\/div>\n\t\t\t\t\t<\/div>\n\t\t<\/div>\n\t\t\t\t\t<\/div>\n\t\t<\/section>\n\t\t\t\t<section class=\"elementor-section elementor-top-section elementor-element elementor-element-3d1e720b elementor-section-boxed elementor-section-height-default elementor-section-height-default\" data-id=\"3d1e720b\" data-element_type=\"section\" data-e-type=\"section\" data-settings=\"{&quot;background_background&quot;:&quot;classic&quot;}\">\n\t\t\t\t\t\t<div class=\"elementor-container elementor-column-gap-default\">\n\t\t\t\t\t<div class=\"elementor-column elementor-col-100 elementor-top-column elementor-element elementor-element-4e8eef57\" data-id=\"4e8eef57\" data-element_type=\"column\" data-e-type=\"column\">\n\t\t\t<div class=\"elementor-widget-wrap elementor-element-populated\">\n\t\t\t\t\t\t<div class=\"elementor-element elementor-element-61eb368d elementor-widget elementor-widget-text-editor\" data-id=\"61eb368d\" data-element_type=\"widget\" data-e-type=\"widget\" data-widget_type=\"text-editor.default\">\n\t\t\t\t<div class=\"elementor-widget-container\">\n\t\t\t\t\t\t\t\t\t<div tabindex=\"0\" role=\"tab\" data-tab=\"1\" aria-controls=\"elementor-tab-content-2261\" aria-expanded=\"true\" aria-selected=\"true\"><a>Article 1- Objet<\/a><\/div>\n<div role=\"tabpanel\" data-tab=\"1\" aria-labelledby=\"elementor-tab-title-2261\">\n<p>Le pr\u00e9sent document a pour objet de fixer les modalit\u00e9s de location des v\u00e9los propos\u00e9s par La Cyclerie.<\/p>\n<p>Dans la suite du document, le souscripteur du contrat sera d\u00e9nomm\u00e9 \u00ab l\u2019utilisateur \u00bb<\/p>\n<\/div>\n<p><!-- \/wp:paragraph --><!-- wp:heading --><\/p>\n<div tabindex=\"0\" role=\"tab\" data-tab=\"2\" aria-controls=\"elementor-tab-content-2262\" aria-expanded=\"true\" aria-selected=\"true\"><a>Article 2 \u2013 Utilisateur du v\u00e9lo<\/a><\/div>\n<div role=\"tabpanel\" data-tab=\"2\" aria-labelledby=\"elementor-tab-title-2262\">\n<p>L\u2019utilisateur du v\u00e9lo d\u00e9clare \u00eatre apte \u00e0 la pratique du v\u00e9lo et n\u2019avoir connaissance d\u2019aucune contre-indication m\u00e9dicale.<\/p>\n<p>Les personnes mineures doivent fournir une autorisation sign\u00e9e par leur repr\u00e9sentant l\u00e9gal leur permettant de souscrire \u00e0 un contrat de location.<\/p>\n<p>&nbsp;Le loueur ne pourra \u00eatre tenu pour responsable des dommages dis \u00e0 l\u2019inaptitude de l\u2019utilisateur.<\/p>\n<\/div>\n<div tabindex=\"0\" role=\"tab\" data-tab=\"3\" aria-controls=\"elementor-tab-content-2263\" aria-expanded=\"true\" aria-selected=\"true\"><a>Article 3 \u2013 Responsabilit\u00e9 et engagements de l\u2019utilisateur<\/a><\/div>\n<div role=\"tabpanel\" data-tab=\"3\" aria-labelledby=\"elementor-tab-title-2263\">\n<p>Les v\u00e9los, \u00e9quipements et accessoires sont r\u00e9put\u00e9s \u00eatre conformes \u00e0 la r\u00e9glementation en vigueur lors de leur location et en bon \u00e9tat de fonctionnement. Les \u00e9quipements et accessoires sont fix\u00e9s selon les normes de s\u00e9curit\u00e9. L\u2019utilisateur doit \u00eatre<span style=\"font-style: inherit; color: var(--ast-global-color-8);\">couvert par une assurance en responsabilit\u00e9 civile. Il d\u00e9gage le loueur La Cyclerie de toute responsabilit\u00e9 d\u00e9coulant de l\u2019utilisation du mat\u00e9riel lou\u00e9, notamment en ce qui concerne les accidents et les dommages caus\u00e9s \u00e0 des tiers du fait de l\u2019usage du v\u00e9lo. Le mat\u00e9riel lou\u00e9 reste la propri\u00e9t\u00e9 exclusive de La Cyclerie pendant toute la dur\u00e9e du pr\u00eat. L\u2019utilisateur ne peut les sous louer \u00e0 un tiers. L\u2019utilisateur est le seul responsable de tous d\u00e9g\u00e2ts caus\u00e9s au mat\u00e9riel lou\u00e9 ou du fait de son utilisation. L\u2019utilisateur reconna\u00eet que le mat\u00e9riel pr\u00eat\u00e9 est en parfait \u00e9tat de marche. L\u2019utilisateur s \u2018engage \u00e0 utiliser le mat\u00e9riel avec soin et dans la limite de ses capacit\u00e9s, \u00e0 respecter les consignes d\u2019usage et de s\u00e9curit\u00e9 qui lui seront transmises par le loueur, \u00e0 utiliser le v\u00e9lo pr\u00eat\u00e9 dans ses conditions normales et \u00e0 ne pas transporter sur le porte-bagages une personne ou une charge sup\u00e9rieur \u00e0 25 kilos. Il s\u2019engage \u00e0 restituer le v\u00e9lo dans son \u00e9tat d\u2019origine aux dates convenu au contrat. L\u2019utilisateur d\u00e9clare se soumettre au pr\u00e9sent r\u00e8glement du code de la route. S\u2019il contrevient&nbsp; aux lois et r\u00e8glements en vigueur au cours de la location, le loueur La Cyclerie ne pourra en aucun cas \u00eatre tenu pour responsable. L\u2019utilisateur s\u2019engage \u00e0 tout mettre en&nbsp; \u0153uvre pour \u00e9viter le vol ou la d\u00e9gradation du v\u00e9lo lou\u00e9. A cette effet, quelque soit la dur\u00e9e du stationnement du v\u00e9lo, il s\u2019engage \u00e0 l\u2019attach\u00e9 \u00e0 un point fixe \u00e0 l\u2019aide de l\u2019antivol fourni. En cas de d\u00e9faillance technique du v\u00e9lo au cour du contrat, l\u2019utilisateur ne peut engager de travaux de r\u00e9paration de sa propre initiative. Il est tenu d\u2019en informer le loueur et d\u2019y rapporter le v\u00e9lo lou\u00e9 si possible. A sa demande le v\u00e9lo sera remplac\u00e9 par un v\u00e9lo de m\u00eame type, sous r\u00e9serve de disponibilit\u00e9 et en l\u2019absence de responsabilit\u00e9 fautive de l\u2019utilisateur, pour la p\u00e9riode restant \u00e0 courir. L\u2019utilisateur ne pourra r\u00e9clamer ni le remboursement de frais ou de facture, ni dommage et int\u00e9r\u00eats.<\/span><\/p>\n<p>Tout comportement agressif, irrespectueux ou de refus de respecter le pr\u00e9sent r\u00e8glement entrainera le refus de la location.<\/p>\n<\/div>\n<div tabindex=\"0\" role=\"tab\" data-tab=\"4\" aria-controls=\"elementor-tab-content-2264\" aria-expanded=\"true\" aria-selected=\"true\"><a>Article 4 \u2013 Souscription du contrat et modalit\u00e9s de location<\/a><\/div>\n<div role=\"tabpanel\" data-tab=\"4\" aria-labelledby=\"elementor-tab-title-2264\">\n<p>\u2013 Afin de souscrire un contrat de location, l\u2019utilisateur devra pr\u00e9senter un justificatif d\u2019identit\u00e9 (Carte d\u2019identit\u00e9, permis de conduire, passeport)<\/p>\n<p>\u2013 Dur\u00e9e de location, prolongation, r\u00e9siliation :<\/p>\n<p>Toute location, qu\u2019elle qu\u2019en soit la dur\u00e9e choisi lors de la souscription du contrat, est due dans son int\u00e9gralit\u00e9. Lors du retour du v\u00e9lo, l\u2019utilisateur doit venir au plus tard, 10 min&nbsp; avant la fermeture du service de location. IL pourra alors, s\u2019il le souhaite renouveler ou prolonger sa location. En cas de renouvellement l\u2019utilisateur doit pr\u00e9senter le v\u00e9lo lou\u00e9. Pour la formule 2 \u00e0 5h de temps ou journ\u00e9e, le v\u00e9lo doit \u00eatre rendu le jour m\u00eame de sa location.<\/p>\n<p>\u2013 Tarifs et modalit\u00e9s de paiement :<\/p>\n<p>Les tarifs de location, des cautions ainsi que les modalit\u00e9s de paiement sont affich\u00e9s. Les prix factur\u00e9s sont ceux des tarifs en vigueur au jour de la location, le loueur se r\u00e9servant le droit de modifier ses tarifs \u00e0 tout moment. Dans ce cas, l\u2019utilisateur se verra inform\u00e9 au moins un mois en avance par voie d\u2019affichage. Les nouveaux tarifs ne seront appliqu\u00e9s que lorsque l\u2019utilisateur d\u00e9butera une nouvelle p\u00e9riode de location. L\u2019utilisateur est tenu de payer sa premi\u00e8re p\u00e9riode de location le jour J o\u00f9 d\u00e9bute la location. Si l\u2019utilisateur souhaite renouveler son contrat, les secondes p\u00e9riodes de location devront \u00eatre pay\u00e9es avant leur entr\u00e9e en vigueur. Les moyens de paiement accept\u00e9s par La Cyclerie sont carte de cr\u00e9dit, esp\u00e8ces, ch\u00e8ques et ch\u00e8ques vacances ANCV.<\/p>\n<\/div>\n<p><!-- \/wp:paragraph --><!-- wp:heading --><\/p>\n<div tabindex=\"0\" role=\"tab\" data-tab=\"5\" aria-controls=\"elementor-tab-content-2265\" aria-expanded=\"true\" aria-selected=\"true\"><a>Article 5 \u2013 Caution et assurance<\/a><\/div>\n<div role=\"tabpanel\" data-tab=\"5\" aria-labelledby=\"elementor-tab-title-2265\">\n<p>Pr\u00e9alablement \u00e0 la remise du mat\u00e9riel lou\u00e9, l\u2019utilisateur doit obligatoirement remettre une caution qui sera restitu\u00e9 au retour du mat\u00e9riel. La caution pourra se pr\u00e9senter sous forme de ch\u00e8que de caution, via la remise des informations de carte bancaire du client ou via la remise d&rsquo;une copie ou original d&rsquo;un document d&rsquo;identit\u00e9. A la signature du contrat de location de mat\u00e9riel, le client peut opter pour la couverture des risques de d\u00e9gradation moyennant paiement d\u2019une assurance (voir conditions affich\u00e9es au magasin). Cette option permet au client d\u2019\u00eatre exon\u00e9r\u00e9 de l\u2019obligation de remboursement en cas de d\u00e9gradation du mat\u00e9riel lou\u00e9. Cette exon\u00e9ration acquise reste toujours assortie d\u2019une franchise (voir les conditions affich\u00e9es en magasin et franchises indiqu\u00e9es sur le contrat de location).<\/p>\n<p style=\"margin-bottom: 20px; font-variant-numeric: inherit; font-variant-east-asian: inherit; font-variant-alternates: inherit; font-variant-position: inherit; font-variant-emoji: inherit; font-stretch: inherit; line-height: inherit; font-optical-sizing: inherit; font-size-adjust: inherit; font-kerning: inherit; font-feature-settings: inherit; font-variation-settings: inherit; font-language-override: inherit; font-family: Roboto, sans-serif; font-size: 14px; font-style: normal; font-weight: 400;\">Voici la liste du prix des franchise :&nbsp;<\/p>\n<ul style=\"margin-top: 15px; margin-bottom: 15px; margin-left: 20px; font-variant-numeric: inherit; font-variant-east-asian: inherit; font-variant-alternates: inherit; font-variant-position: inherit; font-variant-emoji: inherit; font-stretch: inherit; line-height: inherit; font-optical-sizing: inherit; font-size-adjust: inherit; font-kerning: inherit; font-feature-settings: inherit; font-variation-settings: inherit; font-language-override: inherit; font-family: Roboto, sans-serif; font-size: 14px; font-style: normal; font-weight: 400;\">\n<li style=\"font-variant: inherit; font-stretch: inherit; line-height: inherit; font-optical-sizing: inherit; font-size-adjust: inherit; font-kerning: inherit; font-feature-settings: inherit; font-variation-settings: inherit; font-language-override: inherit; font-family: inherit; font-size: 14px;\">V\u00e9los musculaires adultes : 70\u20ac au lieu de 300\u20ac<\/li>\n<li style=\"font-variant: inherit; font-stretch: inherit; line-height: inherit; font-optical-sizing: inherit; font-size-adjust: inherit; font-kerning: inherit; font-feature-settings: inherit; font-variation-settings: inherit; font-language-override: inherit; font-family: inherit; font-size: 14px;\">V\u00e9los musculaire enfants et remorques : 50\u20ac au lieu de 200\u20ac<\/li>\n<li style=\"font-variant: inherit; font-stretch: inherit; line-height: inherit; font-optical-sizing: inherit; font-size-adjust: inherit; font-kerning: inherit; font-feature-settings: inherit; font-variation-settings: inherit; font-language-override: inherit; font-family: inherit; font-size: 14px;\">V\u00e9los \u00e9lectriques de ville : 250\u20ac au lieu de 1000\u20ac<\/li>\n<li style=\"font-variant: inherit; font-stretch: inherit; line-height: inherit; font-optical-sizing: inherit; font-size-adjust: inherit; font-kerning: inherit; font-feature-settings: inherit; font-variation-settings: inherit; font-language-override: inherit; font-family: inherit; font-size: 14px;\">VTT \u00e9lectriques et Gravel : 400\u20ac au lieu de 1500\u20ac<\/li>\n<\/ul>\n<\/div>\n<p><!-- \/wp:paragraph --><!-- wp:heading --><\/p>\n<div tabindex=\"0\" role=\"tab\" data-tab=\"6\" aria-controls=\"elementor-tab-content-2266\" aria-expanded=\"true\" aria-selected=\"true\"><a>Article 6 \u2013 Restitution<\/a><\/div>\n<div role=\"tabpanel\" data-tab=\"6\" aria-labelledby=\"elementor-tab-title-2266\">\n<p>Le v\u00e9lo lou\u00e9 doit imp\u00e9rativement \u00eatre restitu\u00e9 au plus tard le jour indiqu\u00e9 sur le contrat de location. La caution sera rendue \u00e0 l\u2019utilisateur lors de la restitution du mat\u00e9riel lou\u00e9. L\u2019utilisateur pourra toutefois prolonger sa location au vue des tarifs en vigueur. En cas de vol, l\u2019utilisateur doit justifier aupr\u00e8s du loueur, dans un d\u00e9lai de 24 heures apr\u00e8s le vol, d\u2019un d\u00e9p\u00f4t de plainte effectu\u00e9 dans les 24 heures aupr\u00e8s d\u2019un commissariat de police ou de gendarmerie. Il pourra lui \u00eatre fourni, sur demande une attestation d\u2019encaissement si l\u2019utilisateur souhaite se faire rembourser la caution par son assurance. Si le v\u00e9lo vol\u00e9 est restitu\u00e9 au loueur, l\u2019utilisateur ayant respect\u00e9 la proc\u00e9dure ci-dessus sera rembours\u00e9 du montant de la caution encaiss\u00e9e, d\u00e9duction faite des \u00e9ventuels frais de remise en \u00e9tat du v\u00e9lo (cf article 7). Si l\u2019utilisateur ne justifie pas d\u2019un d\u00e9p\u00f4t de plainte, le r\u00e8glement de la valeur du v\u00e9lo neuf sera exigible imm\u00e9diatement. En cas de non paiement du cout de la location du mat\u00e9riel ou des frais de remise en \u00e9tat ou de son remboursement, \u00e0 l\u2019\u00e9ch\u00e9ance du contrat, le client, par la remise de ses informations de carte bancaire, autorise et donne mandat express au magasin de pr\u00e9lever sur son compte bancaire les sommes qui resteront dues, conform\u00e9ment au devis (contrat de location) qu\u2019il aura lui-m\u00eame sign\u00e9 lors de sa prise de mat\u00e9riel et\/ou au prix et conditions affich\u00e9es en magasin.<\/p>\n<\/div>\n<p><!-- \/wp:paragraph --><!-- wp:heading --><\/p>\n<div tabindex=\"0\" role=\"tab\" data-tab=\"7\" aria-controls=\"elementor-tab-content-2267\" aria-expanded=\"true\" aria-selected=\"true\"><a>Article 7 \u2013 Facturation \u00e0 l\u2019utilisateur<\/a><\/div>\n<div role=\"tabpanel\" data-tab=\"7\" aria-labelledby=\"elementor-tab-title-2267\">\n<p>En cas de non-respect des pr\u00e9c\u00e9dentes clauses du contrat de location, ou en cas de d\u00e9gradation sur le mat\u00e9riel lou\u00e9, l\u2019utilisateur aura \u00e0 s\u2019acquitter des factures suivantes :<\/p>\n<p>\u2013 Facture de la valeur v\u00e9nale du v\u00e9lo, dans le cas d\u2019un d\u00e9faut de restitution du v\u00e9lo.<\/p>\n<p>Valeur du mat\u00e9riel en cas de non restitution :<\/p>\n<ul style=\"font-size: 14px; font-style: normal; font-weight: 400; margin-top: 15px; margin-bottom: 15px; margin-left: 20px; font-variant-numeric: inherit; font-variant-east-asian: inherit; font-variant-alternates: inherit; font-variant-position: inherit; font-variant-emoji: inherit; font-stretch: inherit; line-height: inherit; font-optical-sizing: inherit; font-size-adjust: inherit; font-kerning: inherit; font-feature-settings: inherit; font-variation-settings: inherit; font-language-override: inherit; font-family: Roboto, sans-serif;\"><li style=\"font-size: 14px; font-variant: inherit; font-stretch: inherit; line-height: inherit; font-optical-sizing: inherit; font-size-adjust: inherit; font-kerning: inherit; font-feature-settings: inherit; font-variation-settings: inherit; font-language-override: inherit; font-family: inherit;\">V\u00e9los musculaires adultes : 300\u20ac<\/li><li style=\"font-size: 14px; font-variant: inherit; font-stretch: inherit; line-height: inherit; font-optical-sizing: inherit; font-size-adjust: inherit; font-kerning: inherit; font-feature-settings: inherit; font-variation-settings: inherit; font-language-override: inherit; font-family: inherit;\">V\u00e9los musculaire enfants et remorques : 200\u20ac<\/li><li style=\"font-size: 14px; font-variant: inherit; font-stretch: inherit; line-height: inherit; font-optical-sizing: inherit; font-size-adjust: inherit; font-kerning: inherit; font-feature-settings: inherit; font-variation-settings: inherit; font-language-override: inherit; font-family: inherit;\">V\u00e9los \u00e9lectriques de ville : 1000\u20ac<\/li><li style=\"font-size: 14px; font-variant: inherit; font-stretch: inherit; line-height: inherit; font-optical-sizing: inherit; font-size-adjust: inherit; font-kerning: inherit; font-feature-settings: inherit; font-variation-settings: inherit; font-language-override: inherit; font-family: inherit;\">VTT \u00e9lectriques et Gravel : 1500\u20ac<\/li><\/ul><p><span style=\"font-style: inherit; font-weight: inherit;\">\u2013 Facture d\u2019un montant \u00e9quivalent \u00e0 a facture de r\u00e9paration correspondantes, dans le cas de r\u00e9parations cons\u00e9cutives \u00e0 des d\u00e9gradations ou pi\u00e8ces manquantes.<\/span><\/p>\n<p>Un re\u00e7u sera remis \u00e0 l\u2019utilisateur \u00e0 la demande, une fois le r\u00e8glement encaiss\u00e9.<\/p>\n<\/div>\n<p><!-- \/wp:paragraph --><!-- wp:heading --><\/p>\n<div tabindex=\"0\" role=\"tab\" data-tab=\"8\" aria-controls=\"elementor-tab-content-2268\" aria-expanded=\"true\" aria-selected=\"true\"><a>Article 8 \u2013 Horaires et lieu<\/a><\/div>\n<div role=\"tabpanel\" data-tab=\"8\" aria-labelledby=\"elementor-tab-title-2268\">\n<p>Les horaires seront celles du magasin, consultable en ligne ou sur place.<\/p>\n<div tabindex=\"0\" role=\"tab\" data-tab=\"9\" aria-controls=\"elementor-tab-content-2269\" aria-expanded=\"true\" aria-selected=\"true\"><a>Article 9 \u2013 Informatique et libert\u00e9s<\/a><\/div>\n<div role=\"tabpanel\" data-tab=\"9\" aria-labelledby=\"elementor-tab-title-2269\">\n<p>Conform\u00e9ment au R\u00e8glement g\u00e9n\u00e9ral sur la protection des donn\u00e9es (RGPD) adopt\u00e9 par le Parlement europ\u00e9en le 14 avril 2016, et \u00e0 la loi Informatique et Libert\u00e9s du 6 janvier<\/p>\n<p>1978 relative \u00e0 l\u2019informatique, aux fichiers et aux libert\u00e9s, toute personne b\u00e9n\u00e9ficie d\u2019un droit d\u2019acc\u00e8s et de rectification aux informations qui vous concernent.<\/p>\n<\/div>\n<\/div>\n<p><!-- \/wp:paragraph --><\/p>\t\t\t\t\t\t\t\t<\/div>\n\t\t\t\t<\/div>\n\t\t\t\t\t<\/div>\n\t\t<\/div>\n\t\t\t\t\t<\/div>\n\t\t<\/section>\n\t\t\t\t<\/div>","protected":false},"excerpt":{"rendered":"<p>Conditions g\u00e9n\u00e9rales de location Article 1- Objet Le pr\u00e9sent document a pour objet de fixer les modalit\u00e9s de location des v\u00e9los propos\u00e9s par La Cyclerie. Dans la suite du document, le souscripteur du contrat sera d\u00e9nomm\u00e9 \u00ab l\u2019utilisateur \u00bb Article 2 \u2013 Utilisateur du v\u00e9lo L\u2019utilisateur du v\u00e9lo d\u00e9clare \u00eatre apte \u00e0 la pratique du [&hellip;]<\/p>\n","protected":false},"author":1,"featured_media":0,"parent":0,"menu_order":0,"comment_status":"closed","ping_status":"closed","template":"","meta":{"_monsterinsights_skip_tracking":false,"_monsterinsights_sitenote_active":false,"_monsterinsights_sitenote_note":"","_monsterinsights_sitenote_category":0,"site-sidebar-layout":"no-sidebar","site-content-layout":"page-builder","ast-site-content-layout":"default","site-content-style":"default","site-sidebar-style":"default","ast-global-header-display":"","ast-banner-title-visibility":"","ast-main-header-display":"","ast-hfb-above-header-display":"","ast-hfb-below-header-display":"","ast-hfb-mobile-header-display":"","site-post-title":"disabled","ast-breadcrumbs-content":"","ast-featured-img":"disabled","footer-sml-layout":"","ast-disable-related-posts":"","theme-transparent-header-meta":"","adv-header-id-meta":"","stick-header-meta":"","header-above-stick-meta":"","header-main-stick-meta":"","header-below-stick-meta":"","astra-migrate-meta-layouts":"default","ast-page-background-enabled":"default","ast-page-background-meta":{"desktop":{"background-color":"var(--ast-global-color-4)","background-image":"","background-repeat":"repeat","background-position":"center center","background-size":"auto","background-attachment":"scroll","background-type":"","background-media":"","overlay-type":"","overlay-color":"","overlay-opacity":"","overlay-gradient":""},"tablet":{"background-color":"","background-image":"","background-repeat":"repeat","background-position":"center center","background-size":"auto","background-attachment":"scroll","background-type":"","background-media":"","overlay-type":"","overlay-color":"","overlay-opacity":"","overlay-gradient":""},"mobile":{"background-color":"","background-image":"","background-repeat":"repeat","background-position":"center center","background-size":"auto","background-attachment":"scroll","background-type":"","background-media":"","overlay-type":"","overlay-color":"","overlay-opacity":"","overlay-gradient":""}},"ast-content-background-meta":{"desktop":{"background-color":"var(--ast-global-color-5)","background-image":"","background-repeat":"repeat","background-position":"center center","background-size":"auto","background-attachment":"scroll","background-type":"","background-media":"","overlay-type":"","overlay-color":"","overlay-opacity":"","overlay-gradient":""},"tablet":{"background-color":"var(--ast-global-color-5)","background-image":"","background-repeat":"repeat","background-position":"center center","background-size":"auto","background-attachment":"scroll","background-type":"","background-media":"","overlay-type":"","overlay-color":"","overlay-opacity":"","overlay-gradient":""},"mobile":{"background-color":"var(--ast-global-color-5)","background-image":"","background-repeat":"repeat","background-position":"center center","background-size":"auto","background-attachment":"scroll","background-type":"","background-media":"","overlay-type":"","overlay-color":"","overlay-opacity":"","overlay-gradient":""}},"footnotes":""},"class_list":["post-3","page","type-page","status-publish","hentry"],"yoast_head":"<!-- This site is optimized with the Yoast SEO plugin v27.0 - https:\/\/yoast.com\/product\/yoast-seo-wordpress\/ -->\n<title>Conditions g\u00e9n\u00e9rales de location - La Cyclerie Moliets<\/title>\n<meta name=\"robots\" content=\"index, follow, max-snippet:-1, max-image-preview:large, max-video-preview:-1\" \/>\n<link rel=\"canonical\" href=\"https:\/\/lacyclerie-moliets.fr\/es\/conditionsgenerales\/\" \/>\n<meta property=\"og:locale\" content=\"es_ES\" \/>\n<meta property=\"og:type\" content=\"article\" \/>\n<meta property=\"og:title\" content=\"Conditions g\u00e9n\u00e9rales de location - La Cyclerie Moliets\" \/>\n<meta property=\"og:description\" content=\"Conditions g\u00e9n\u00e9rales de location Article 1- Objet Le pr\u00e9sent document a pour objet de fixer les modalit\u00e9s de location des v\u00e9los propos\u00e9s par La Cyclerie. Dans la suite du document, le souscripteur du contrat sera d\u00e9nomm\u00e9 \u00ab l\u2019utilisateur \u00bb Article 2 \u2013 Utilisateur du v\u00e9lo L\u2019utilisateur du v\u00e9lo d\u00e9clare \u00eatre apte \u00e0 la pratique du [&hellip;]\" \/>\n<meta property=\"og:url\" content=\"https:\/\/lacyclerie-moliets.fr\/es\/conditionsgenerales\/\" \/>\n<meta property=\"og:site_name\" content=\"La Cyclerie Moliets\" \/>\n<meta property=\"article:modified_time\" content=\"2026-01-04T17:20:03+00:00\" \/>\n<meta name=\"twitter:card\" content=\"summary_large_image\" \/>\n<meta name=\"twitter:label1\" content=\"Tiempo de lectura\" \/>\n\t<meta name=\"twitter:data1\" content=\"7 minutos\" \/>\n<script type=\"application\/ld+json\" class=\"yoast-schema-graph\">{\"@context\":\"https:\/\/schema.org\",\"@graph\":[{\"@type\":\"WebPage\",\"@id\":\"https:\/\/lacyclerie-moliets.fr\/conditionsgenerales\/\",\"url\":\"https:\/\/lacyclerie-moliets.fr\/conditionsgenerales\/\",\"name\":\"Conditions g\u00e9n\u00e9rales de location - La Cyclerie Moliets\",\"isPartOf\":{\"@id\":\"https:\/\/lacyclerie-moliets.fr\/#website\"},\"datePublished\":\"2022-11-16T20:13:48+00:00\",\"dateModified\":\"2026-01-04T17:20:03+00:00\",\"breadcrumb\":{\"@id\":\"https:\/\/lacyclerie-moliets.fr\/conditionsgenerales\/#breadcrumb\"},\"inLanguage\":\"es\",\"potentialAction\":[{\"@type\":\"ReadAction\",\"target\":[\"https:\/\/lacyclerie-moliets.fr\/conditionsgenerales\/\"]}]},{\"@type\":\"BreadcrumbList\",\"@id\":\"https:\/\/lacyclerie-moliets.fr\/conditionsgenerales\/#breadcrumb\",\"itemListElement\":[{\"@type\":\"ListItem\",\"position\":1,\"name\":\"Accueil\",\"item\":\"https:\/\/lacyclerie-moliets.fr\/\"},{\"@type\":\"ListItem\",\"position\":2,\"name\":\"Conditions g\u00e9n\u00e9rales de location\"}]},{\"@type\":\"WebSite\",\"@id\":\"https:\/\/lacyclerie-moliets.fr\/#website\",\"url\":\"https:\/\/lacyclerie-moliets.fr\/\",\"name\":\"La Cyclerie Moliets\",\"description\":\"Votre location de v\u00e9lo \u00e0 Moliets-et-Maa\",\"publisher\":{\"@id\":\"https:\/\/lacyclerie-moliets.fr\/#organization\"},\"potentialAction\":[{\"@type\":\"SearchAction\",\"target\":{\"@type\":\"EntryPoint\",\"urlTemplate\":\"https:\/\/lacyclerie-moliets.fr\/?s={search_term_string}\"},\"query-input\":{\"@type\":\"PropertyValueSpecification\",\"valueRequired\":true,\"valueName\":\"search_term_string\"}}],\"inLanguage\":\"es\"},{\"@type\":\"Organization\",\"@id\":\"https:\/\/lacyclerie-moliets.fr\/#organization\",\"name\":\"La Cyclerie Moliets\",\"url\":\"https:\/\/lacyclerie-moliets.fr\/\",\"logo\":{\"@type\":\"ImageObject\",\"inLanguage\":\"es\",\"@id\":\"https:\/\/lacyclerie-moliets.fr\/#\/schema\/logo\/image\/\",\"url\":\"https:\/\/lacyclerie-moliets.fr\/wp-content\/uploads\/2021\/08\/logos-la_cyclerie_moliets-negatif.png\",\"contentUrl\":\"https:\/\/lacyclerie-moliets.fr\/wp-content\/uploads\/2021\/08\/logos-la_cyclerie_moliets-negatif.png\",\"width\":1182,\"height\":1182,\"caption\":\"La Cyclerie Moliets\"},\"image\":{\"@id\":\"https:\/\/lacyclerie-moliets.fr\/#\/schema\/logo\/image\/\"}}]}<\/script>\n<!-- \/ Yoast SEO plugin. -->","yoast_head_json":{"title":"Conditions g\u00e9n\u00e9rales de location - La Cyclerie Moliets","robots":{"index":"index","follow":"follow","max-snippet":"max-snippet:-1","max-image-preview":"max-image-preview:large","max-video-preview":"max-video-preview:-1"},"canonical":"https:\/\/lacyclerie-moliets.fr\/es\/conditionsgenerales\/","og_locale":"es_ES","og_type":"article","og_title":"Conditions g\u00e9n\u00e9rales de location - La Cyclerie Moliets","og_description":"Conditions g\u00e9n\u00e9rales de location Article 1- Objet Le pr\u00e9sent document a pour objet de fixer les modalit\u00e9s de location des v\u00e9los propos\u00e9s par La Cyclerie. Dans la suite du document, le souscripteur du contrat sera d\u00e9nomm\u00e9 \u00ab l\u2019utilisateur \u00bb Article 2 \u2013 Utilisateur du v\u00e9lo L\u2019utilisateur du v\u00e9lo d\u00e9clare \u00eatre apte \u00e0 la pratique du [&hellip;]","og_url":"https:\/\/lacyclerie-moliets.fr\/es\/conditionsgenerales\/","og_site_name":"La Cyclerie Moliets","article_modified_time":"2026-01-04T17:20:03+00:00","twitter_card":"summary_large_image","twitter_misc":{"Tiempo de lectura":"7 minutos"},"schema":{"@context":"https:\/\/schema.org","@graph":[{"@type":"WebPage","@id":"https:\/\/lacyclerie-moliets.fr\/conditionsgenerales\/","url":"https:\/\/lacyclerie-moliets.fr\/conditionsgenerales\/","name":"Conditions g\u00e9n\u00e9rales de location - La Cyclerie Moliets","isPartOf":{"@id":"https:\/\/lacyclerie-moliets.fr\/#website"},"datePublished":"2022-11-16T20:13:48+00:00","dateModified":"2026-01-04T17:20:03+00:00","breadcrumb":{"@id":"https:\/\/lacyclerie-moliets.fr\/conditionsgenerales\/#breadcrumb"},"inLanguage":"es","potentialAction":[{"@type":"ReadAction","target":["https:\/\/lacyclerie-moliets.fr\/conditionsgenerales\/"]}]},{"@type":"BreadcrumbList","@id":"https:\/\/lacyclerie-moliets.fr\/conditionsgenerales\/#breadcrumb","itemListElement":[{"@type":"ListItem","position":1,"name":"Accueil","item":"https:\/\/lacyclerie-moliets.fr\/"},{"@type":"ListItem","position":2,"name":"Conditions g\u00e9n\u00e9rales de location"}]},{"@type":"WebSite","@id":"https:\/\/lacyclerie-moliets.fr\/#website","url":"https:\/\/lacyclerie-moliets.fr\/","name":"La Cyclerie Moliets","description":"Votre location de v\u00e9lo \u00e0 Moliets-et-Maa","publisher":{"@id":"https:\/\/lacyclerie-moliets.fr\/#organization"},"potentialAction":[{"@type":"SearchAction","target":{"@type":"EntryPoint","urlTemplate":"https:\/\/lacyclerie-moliets.fr\/?s={search_term_string}"},"query-input":{"@type":"PropertyValueSpecification","valueRequired":true,"valueName":"search_term_string"}}],"inLanguage":"es"},{"@type":"Organization","@id":"https:\/\/lacyclerie-moliets.fr\/#organization","name":"La Cyclerie Moliets","url":"https:\/\/lacyclerie-moliets.fr\/","logo":{"@type":"ImageObject","inLanguage":"es","@id":"https:\/\/lacyclerie-moliets.fr\/#\/schema\/logo\/image\/","url":"https:\/\/lacyclerie-moliets.fr\/wp-content\/uploads\/2021\/08\/logos-la_cyclerie_moliets-negatif.png","contentUrl":"https:\/\/lacyclerie-moliets.fr\/wp-content\/uploads\/2021\/08\/logos-la_cyclerie_moliets-negatif.png","width":1182,"height":1182,"caption":"La Cyclerie Moliets"},"image":{"@id":"https:\/\/lacyclerie-moliets.fr\/#\/schema\/logo\/image\/"}}]}},"_links":{"self":[{"href":"https:\/\/lacyclerie-moliets.fr\/es\/wp-json\/wp\/v2\/pages\/3","targetHints":{"allow":["GET"]}}],"collection":[{"href":"https:\/\/lacyclerie-moliets.fr\/es\/wp-json\/wp\/v2\/pages"}],"about":[{"href":"https:\/\/lacyclerie-moliets.fr\/es\/wp-json\/wp\/v2\/types\/page"}],"author":[{"embeddable":true,"href":"https:\/\/lacyclerie-moliets.fr\/es\/wp-json\/wp\/v2\/users\/1"}],"replies":[{"embeddable":true,"href":"https:\/\/lacyclerie-moliets.fr\/es\/wp-json\/wp\/v2\/comments?post=3"}],"version-history":[{"count":21,"href":"https:\/\/lacyclerie-moliets.fr\/es\/wp-json\/wp\/v2\/pages\/3\/revisions"}],"predecessor-version":[{"id":2776,"href":"https:\/\/lacyclerie-moliets.fr\/es\/wp-json\/wp\/v2\/pages\/3\/revisions\/2776"}],"wp:attachment":[{"href":"https:\/\/lacyclerie-moliets.fr\/es\/wp-json\/wp\/v2\/media?parent=3"}],"curies":[{"name":"wp","href":"https:\/\/api.w.org\/{rel}","templated":true}]}}