{"id":1830,"date":"2024-05-20T12:06:53","date_gmt":"2024-05-20T12:06:53","guid":{"rendered":"https:\/\/lacyclerie-moliets.fr\/?page_id=1830"},"modified":"2024-06-25T14:51:48","modified_gmt":"2024-06-25T14:51:48","slug":"reservation-velo","status":"publish","type":"page","link":"https:\/\/lacyclerie-moliets.fr\/es\/reservation-velo\/","title":{"rendered":"R\u00e9servation &#8211; choix des dates"},"content":{"rendered":"\t\t<div data-elementor-type=\"wp-page\" data-elementor-id=\"1830\" class=\"elementor elementor-1830\" data-elementor-post-type=\"page\">\n\t\t\t\t\t\t<section class=\"elementor-section elementor-top-section elementor-element elementor-element-74807b11 elementor-hidden-tablet elementor-hidden-mobile elementor-section-boxed elementor-section-height-default elementor-section-height-default\" data-id=\"74807b11\" data-element_type=\"section\" data-e-type=\"section\" data-settings=\"{&quot;background_background&quot;:&quot;classic&quot;}\">\n\t\t\t\t\t\t\t<div class=\"elementor-background-overlay\"><\/div>\n\t\t\t\t\t\t\t<div class=\"elementor-container elementor-column-gap-default\">\n\t\t\t\t\t<div class=\"elementor-column elementor-col-100 elementor-top-column elementor-element elementor-element-6607a91c\" data-id=\"6607a91c\" data-element_type=\"column\" data-e-type=\"column\">\n\t\t\t<div class=\"elementor-widget-wrap elementor-element-populated\">\n\t\t\t\t\t\t<div class=\"elementor-element elementor-element-24f78ecd elementor-widget elementor-widget-heading\" data-id=\"24f78ecd\" data-element_type=\"widget\" data-e-type=\"widget\" data-widget_type=\"heading.default\">\n\t\t\t\t<div class=\"elementor-widget-container\">\n\t\t\t\t\t<h1 class=\"elementor-heading-title elementor-size-default\">Je r\u00e9serve mes v\u00e9los<\/h1>\t\t\t\t<\/div>\n\t\t\t\t<\/div>\n\t\t\t\t<div class=\"elementor-element elementor-element-353d71b2 elementor-hidden-mobile elementor-widget-divider--view-line elementor-widget elementor-widget-divider\" data-id=\"353d71b2\" data-element_type=\"widget\" data-e-type=\"widget\" data-widget_type=\"divider.default\">\n\t\t\t\t<div class=\"elementor-widget-container\">\n\t\t\t\t\t\t\t<div class=\"elementor-divider\">\n\t\t\t<span class=\"elementor-divider-separator\">\n\t\t\t\t\t\t<\/span>\n\t\t<\/div>\n\t\t\t\t\t\t<\/div>\n\t\t\t\t<\/div>\n\t\t\t\t<div class=\"elementor-element elementor-element-72596a5f elementor-widget elementor-widget-text-editor\" data-id=\"72596a5f\" data-element_type=\"widget\" data-e-type=\"widget\" data-widget_type=\"text-editor.default\">\n\t\t\t\t<div class=\"elementor-widget-container\">\n\t\t\t\t\t\t\t\t\t<p>Nous essayons de vous procurer la meilleure exp\u00e9rience v\u00e9lo des Landes. R\u00e9servez vos v\u00e9los en quelques clics avec notre logiciel de r\u00e9servation.\u00a0<\/p>\t\t\t\t\t\t\t\t<\/div>\n\t\t\t\t<\/div>\n\t\t\t\t\t<\/div>\n\t\t<\/div>\n\t\t\t\t\t<\/div>\n\t\t<\/section>\n\t\t<div class=\"elementor-element elementor-element-2700ba94 e-flex e-con-boxed e-con e-parent\" data-id=\"2700ba94\" data-element_type=\"container\" data-e-type=\"container\">\n\t\t\t\t\t<div class=\"e-con-inner\">\n\t\t\t\t<div class=\"elementor-element elementor-element-7c105041 elementor-widget elementor-widget-heading\" data-id=\"7c105041\" data-element_type=\"widget\" data-e-type=\"widget\" data-widget_type=\"heading.default\">\n\t\t\t\t<div class=\"elementor-widget-container\">\n\t\t\t\t\t<h2 class=\"elementor-heading-title elementor-size-default\">R\u00e9servez votre location de v\u00e9los<\/h2>\t\t\t\t<\/div>\n\t\t\t\t<\/div>\n\t\t\t\t\t<\/div>\n\t\t\t\t<\/div>\n\t\t<div class=\"elementor-element elementor-element-1f60c0a4 e-flex e-con-boxed e-con e-parent\" data-id=\"1f60c0a4\" data-element_type=\"container\" data-e-type=\"container\" data-settings=\"{&quot;background_background&quot;:&quot;classic&quot;}\">\n\t\t\t\t\t<div class=\"e-con-inner\">\n\t\t<div class=\"elementor-element elementor-element-78f041a8 e-con-full elementor-col-33 e-flex e-con e-child\" data-id=\"78f041a8\" data-element_type=\"container\" data-e-type=\"container\" data-settings=\"{&quot;background_background&quot;:&quot;classic&quot;}\">\n\t\t\t\t<div class=\"elementor-element elementor-element-7e7aec27 elementor-widget elementor-widget-heading\" data-id=\"7e7aec27\" data-element_type=\"widget\" data-e-type=\"widget\" data-widget_type=\"heading.default\">\n\t\t\t\t<div class=\"elementor-widget-container\">\n\t\t\t\t\t<h2 class=\"elementor-heading-title elementor-size-default\">Renseignez  les dates de location souhait\u00e9es<br> \net cliquez sur Rechercher <\/h2>\t\t\t\t<\/div>\n\t\t\t\t<\/div>\n\t\t\t\t<div class=\"elementor-element elementor-element-7302c022 elementor-widget elementor-widget-Locugo\" data-id=\"7302c022\" data-element_type=\"widget\" data-e-type=\"widget\" data-widget_type=\"Locugo.default\">\n\t\t\t\t<div class=\"elementor-widget-container\">\n\t\t\t\t\t\t\t\n\t\t<div class=\"elementor-container\">\n\t\t\t<h3 class=\"your-class\" style=\"text-align: center\"><\/h3>\n\t\t\t<form method=\"post\" action=\"\/reservation-liste-produit\">\n\t\t\t\t<input type=\"hidden\" name=\"form_id\" value=\"form1\">\n\t\t\t\t<input type=\"hidden\" name=\"cod_lang\" value=\"FRA\">\n\t\t\t\t<input type=\"hidden\" name=\"double_jour\" value=\"0\">\n\t\t\t\t<div class=\"\">\n\t\t\t\t\t<div >\n\t\t\t\t\t\t<div><label for=\"dateDebut\" style=\"line-height:50px\" class=\"date-label date-typo\">Date de d\u00e9but<\/label><\/div>\n\t\t\t\t\t\t<input style=\"width:300px\" type=\"date\" class=\"elementor-field elementor-form-control\" id=\"dateDebut\" name=\"dateDebut\" required>\n\t\t\t\t\t<\/div>\n\t\t\n\t\t\t\t\t<div class=\"\">\n\t\t\t\t\t\t<div><label for=\"dateFin\" style=\"line-height:50px\" class=\"date-label date-typo \">Date de fin<\/label><\/div>\n\t\t\t\t\t\t<input style=\"width:300px\" type=\"date\" class=\"elementor-field elementor-form-control\" id=\"dateFin\" name=\"dateFin\"  oninput=\"verifierDates()\" onchange=\"verifierDates()\" onfocus=\"enableDateValidation()\" required>\n\t\t\t\t\t\t<span id=\"erreurDate\" style=\"color: red;\"><\/span>\n\t\t\t\t\t<\/div>\n\t\t\t\t<\/div>\n\t\t\n\t\t\t\t<div class=\"form-group\">\n\t\t\t\t  <label for=\"arr_tardive\" class=\"phrase1-color phrase1 phrase1-spacing\">Comptez-vous r\u00e9cup\u00e9rer vos v\u00e9los apr\u00e8s 15h ?<\/label>\n\t\t\t\t<\/div>\n\t\t\t\t<div class=\"form-group\">\n\t\t\t\t\t<label class=\"form-check-label\" for=\"choixOui\">Non<\/label>\n\t\t\t\t\t<div class=\"form-check toggle-switch\">\n\t\t\t\t\t\t<input type=\"hidden\" name=\"arr_tardive\" value=\"non\"> <!-- Champ cach\u00e9 avec la valeur \"non\" par d\u00e9faut -->\n\t\t\t\t\t\t<input type=\"checkbox\" class=\"form-check-input\" id=\"choixOui\" name=\"arr_tardive\" value=\"oui\">\n\t\t\t\t\t\t<label class=\"toggle-label\" for=\"choixOui\"><\/label>\n\t\t\t\t\t<\/div>\n\t\t\t\t\t<p class=\"phrase2\">Si oui, votre dur\u00e9e de location sera r\u00e9duite d&#039;un jour, car nous vous offrons l&#039;apr\u00e8s-midi<\/p>\n\t\t\t\t<\/div>\n\t\t\t\t \n\t\t\t\t<!-- Champ suppl\u00e9mentaire pour la dur\u00e9e -->\n\t\t\t\t<div id=\"champDuree\" style=\"display: none;\">\n\t\t\t\t\t<label>D\u00e9sirez-vous garder vos v\u00e9los pour 2 jours ou 24h ?<\/label>\n\t\t\t\t\t<input type=\"radio\" id=\"aucun\" name=\"double_jour\" value=\"0\" checked> <br>\n\t\t\t\t\t<input type=\"radio\" id=\"2jours\" name=\"double_jour\" value=\"2\"> 2 jours\n\t\t\t\t\t<input type=\"radio\" id=\"24h\" name=\"double_jour\" value=\"1\"> 24h\n\t\t\t\t<\/div>\n\t\t\t\t<div class=\"rechercher\">\n\t\t\t\t<button type=\"submit\" class=\"elementor-button rechercher\" id=\"boutonSoumission\" name=\"locugo_form1\" >RECHERCHER<\/button>\n\t\t\t\t<\/div>\n\t\t\t<\/form>\n\t\t<\/div>\n\t\t<script>\t\n\t\tconst switchInput = document.getElementById('choixOui');\n\t\tconst hiddenInput = document.querySelector('input[name=\"arr_tardive\"]');\n\t\tconst labelOui = document.querySelector('label[for=\"choixOui\"]');\n\t\t\n\t\tfunction updateSwitch() {\n\t\t\tif (switchInput.checked) {\n\t\t\t\tlabelOui.textContent = \"Oui\";\n\t\t\t\tswitchInput.value = \"oui\";\n\t\t\t} else {\n\t\t\t\tlabelOui.textContent = \"Non\";\n\t\t\t\tswitchInput.value = \"non\";\n\t\t\t\tif (!switchInput.checked) {\n\t\t\t\t\thiddenInput.value = \"non\"; \/\/ Mettre \u00e0 jour la valeur du champ cach\u00e9 uniquement lorsque la case est d\u00e9coch\u00e9e\n\t\t\t\t}\n\t\t\t}\n\t\t}\n\t\t\n\t\tswitchInput.addEventListener('change', updateSwitch);\n\t\t\n\t\tdocument.addEventListener('DOMContentLoaded', function() {\n\t\t\tupdateSwitch(); \/\/ Assurez-vous que la valeur est correctement d\u00e9finie au chargement de la page\n\t\t});\n\t\t\t\n\t\t\t\/\/ Fonction pour v\u00e9rifier la validit\u00e9 des dates et g\u00e9rer l'affichage du champ suppl\u00e9mentaire\n\t\t\tfunction verifierDates() {\n\t\t\t\tvar dateDebut = document.getElementById('dateDebut').value;\n\t\t\t\tvar dateFin = document.getElementById('dateFin').value;\n\t\t\t\tvar erreurDate = document.getElementById('erreurDate');\n\t\t\t\tvar boutonSoumission = document.getElementById('boutonSoumission');\n\t\t\t\tvar champDuree = document.getElementById('champDuree');\n\t\t\n\t\t\t\t\/\/ Conversion des dates en objets Date\n\t\t\t\tvar debut = new Date(dateDebut);\n\t\t\t\tvar fin = new Date(dateFin);\n\t\t\n\t\t\t\t\/\/ V\u00e9rification si la date de fin est inf\u00e9rieure \u00e0 la date de d\u00e9but\n\t\t\t\tif (fin < debut) {\n\t\t\t\t\terreurDate.textContent = 'La date de fin doit \u00eatre sup\u00e9rieure \u00e0 la date de d\u00e9but.';\n\t\t\t\t\tboutonSoumission.disabled = true; \/\/ D\u00e9sactive le bouton de soumission\n\t\t\t\t\tchampDuree.style.display = 'none'; \/\/ Cache le champ de dur\u00e9e\n\t\t\t\t} else {\n\t\t\t\t\terreurDate.textContent = '';\n\t\t\t\t\tboutonSoumission.disabled = false; \/\/ Active le bouton de soumission\n\t\t\n\t\t\t\t\t\/\/ Calcul de la diff\u00e9rence en jours\n\t\t\t\t\tvar differenceEnJours = Math.ceil((fin - debut) \/ (1000 * 60 * 60 * 24));\n\t\t\t\t\tdeuxjoursBtn = document.getElementById('2jours');\n\t\t\t\t\taucunBtn = document.getElementById('aucun');\n\t\t\t\t\t\/\/ Affichage du champ de dur\u00e9e si la diff\u00e9rence est J+1\n\t\t\t\t\tif (differenceEnJours === 1) {\n\t\t\t\t\t\tchampDuree.style.display = 'block';\n\t\t\t\t\t\t\/\/ Set the radio button to checked\n\t\t\t\t\t\taucunBtn.style.display = 'none';\n\t\t\t\t\t\taucunBtn.checked = false;\n\t\t\t\t\t\tdeuxjoursBtn.checked = true;\n\t\t\t\t\t\t\n\t\t\t\t\t} else {\n\t\t\t\t\t\tchampDuree.style.display = 'none';\n\t\t\t\t\t\tdeuxjoursBtn.checked = false;\n\t\t\t\t\t\taucunBtn.checked = true;\n\t\t\t\t\t}\n\t\t\t\t}\n\t\t\t}\n\t\t\tfunction enableDateValidation() {\n\t\t\t\t\/\/ Activer la v\u00e9rification de la date lorsque l'utilisateur revient au champ de saisie\n\t\t\t\tverifierDates();\n\t\t\t}\n\t\t\t\/\/ Ex\u00e9cuter la v\u00e9rification de la date lors du chargement de la page\n\t\t\tdocument.addEventListener('DOMContentLoaded', function() {\n\t\t\t\t\/\/alert('test');\n\t\t\t\tverifierDates();\n\t\t\t});\n\t\t<\/script>\n\t\t\n\t\t\t\t\t\t<\/div>\n\t\t\t\t<\/div>\n\t\t\t\t<\/div>\n\t\t<div class=\"elementor-element elementor-element-1d87a7f0 e-con-full elementor-col-33 elementor-hidden-tablet elementor-hidden-mobile e-flex e-con e-child\" data-id=\"1d87a7f0\" data-element_type=\"container\" data-e-type=\"container\" data-settings=\"{&quot;background_background&quot;:&quot;classic&quot;}\">\n\t\t\t\t<\/div>\n\t\t\t\t\t<\/div>\n\t\t\t\t<\/div>\n\t\t<div class=\"elementor-element elementor-element-304078b2 e-flex e-con-boxed e-con e-parent\" data-id=\"304078b2\" data-element_type=\"container\" data-e-type=\"container\">\n\t\t\t\t\t<div class=\"e-con-inner\">\n\t\t<div class=\"elementor-element elementor-element-68f7bd33 e-con-full e-flex e-con e-child\" data-id=\"68f7bd33\" data-element_type=\"container\" data-e-type=\"container\">\n\t\t\t\t<div class=\"elementor-element elementor-element-1545174a elementor-widget elementor-widget-image\" data-id=\"1545174a\" data-element_type=\"widget\" data-e-type=\"widget\" data-widget_type=\"image.default\">\n\t\t\t\t<div class=\"elementor-widget-container\">\n\t\t\t\t\t\t\t\t\t\t\t\t\t\t\t<img fetchpriority=\"high\" decoding=\"async\" width=\"1024\" height=\"683\" src=\"https:\/\/lacyclerie-moliets.fr\/wp-content\/uploads\/2024\/05\/velo-lac.jpg\" class=\"attachment-large size-large wp-image-1842\" alt=\"\" srcset=\"https:\/\/lacyclerie-moliets.fr\/wp-content\/uploads\/2024\/05\/velo-lac.jpg 1024w, https:\/\/lacyclerie-moliets.fr\/wp-content\/uploads\/2024\/05\/velo-lac-600x400.jpg 600w, https:\/\/lacyclerie-moliets.fr\/wp-content\/uploads\/2024\/05\/velo-lac-300x200.jpg 300w, https:\/\/lacyclerie-moliets.fr\/wp-content\/uploads\/2024\/05\/velo-lac-768x512.jpg 768w\" sizes=\"(max-width: 1024px) 100vw, 1024px\" \/>\t\t\t\t\t\t\t\t\t\t\t\t\t\t\t<\/div>\n\t\t\t\t<\/div>\n\t\t\t\t<\/div>\n\t\t<div class=\"elementor-element elementor-element-4b2dc9e8 e-con-full e-flex e-con e-child\" data-id=\"4b2dc9e8\" data-element_type=\"container\" data-e-type=\"container\">\n\t\t\t\t<div class=\"elementor-element elementor-element-26244e0f elementor-widget elementor-widget-heading\" data-id=\"26244e0f\" data-element_type=\"widget\" data-e-type=\"widget\" data-widget_type=\"heading.default\">\n\t\t\t\t<div class=\"elementor-widget-container\">\n\t\t\t\t\t<h2 class=\"elementor-heading-title elementor-size-default\">Bienvenue sur le moteur de r\u00e9servation <br>de La Cyclerie<\/h2>\t\t\t\t<\/div>\n\t\t\t\t<\/div>\n\t\t\t\t<div class=\"elementor-element elementor-element-41387ba3 elementor-widget elementor-widget-text-editor\" data-id=\"41387ba3\" data-element_type=\"widget\" data-e-type=\"widget\" data-widget_type=\"text-editor.default\">\n\t\t\t\t<div class=\"elementor-widget-container\">\n\t\t\t\t\t\t\t\t\t<p>Le choix qualit\u00e9 pour votre location de v\u00e9los \u00e0 L\u00e9on, Moliets-et-Maa et Vielle-St-Girons.<\/p><p>Choisissez les v\u00e9los de vos vacances parmi notre s\u00e9lection de v\u00e9los de qualit\u00e9 fran\u00e7aise ! Leur disponibilit\u00e9 est calcul\u00e9e en temps r\u00e9el en fonction de la date renseign\u00e9e.<\/p><p>Pour valider votre r\u00e9servation, un acompte de 10% vous sera demand\u00e9.<\/p><p>Merci beaucoup pour votre confiance <br \/>et \u00e0 tr\u00e8s vite dans les Landes !<\/p>\t\t\t\t\t\t\t\t<\/div>\n\t\t\t\t<\/div>\n\t\t\t\t<\/div>\n\t\t\t\t\t<\/div>\n\t\t\t\t<\/div>\n\t\t\t\t<\/div>\n\t\t","protected":false},"excerpt":{"rendered":"<p>Je r\u00e9serve mes v\u00e9los Nous essayons de vous procurer la meilleure exp\u00e9rience v\u00e9lo des Landes. R\u00e9servez vos v\u00e9los en quelques clics avec notre logiciel de r\u00e9servation.\u00a0 R\u00e9servez votre location de v\u00e9los Renseignez les dates de location souhait\u00e9es et cliquez sur Rechercher Date de d\u00e9but Date de fin Comptez-vous r\u00e9cup\u00e9rer vos v\u00e9los apr\u00e8s 15h ? Non [&hellip;]<\/p>\n","protected":false},"author":4,"featured_media":0,"parent":0,"menu_order":0,"comment_status":"closed","ping_status":"closed","template":"","meta":{"_monsterinsights_skip_tracking":false,"_monsterinsights_sitenote_active":false,"_monsterinsights_sitenote_note":"","_monsterinsights_sitenote_category":0,"site-sidebar-layout":"no-sidebar","site-content-layout":"page-builder","ast-site-content-layout":"full-width-container","site-content-style":"default","site-sidebar-style":"default","ast-global-header-display":"","ast-banner-title-visibility":"","ast-main-header-display":"","ast-hfb-above-header-display":"","ast-hfb-below-header-display":"","ast-hfb-mobile-header-display":"","site-post-title":"disabled","ast-breadcrumbs-content":"","ast-featured-img":"disabled","footer-sml-layout":"","ast-disable-related-posts":"","theme-transparent-header-meta":"default","adv-header-id-meta":"","stick-header-meta":"","header-above-stick-meta":"","header-main-stick-meta":"","header-below-stick-meta":"","astra-migrate-meta-layouts":"set","ast-page-background-enabled":"default","ast-page-background-meta":{"desktop":{"background-color":"var(--ast-global-color-4)","background-image":"","background-repeat":"repeat","background-position":"center center","background-size":"auto","background-attachment":"scroll","background-type":"","background-media":"","overlay-type":"","overlay-color":"","overlay-opacity":"","overlay-gradient":""},"tablet":{"background-color":"","background-image":"","background-repeat":"repeat","background-position":"center center","background-size":"auto","background-attachment":"scroll","background-type":"","background-media":"","overlay-type":"","overlay-color":"","overlay-opacity":"","overlay-gradient":""},"mobile":{"background-color":"","background-image":"","background-repeat":"repeat","background-position":"center center","background-size":"auto","background-attachment":"scroll","background-type":"","background-media":"","overlay-type":"","overlay-color":"","overlay-opacity":"","overlay-gradient":""}},"ast-content-background-meta":{"desktop":{"background-color":"var(--ast-global-color-5)","background-image":"","background-repeat":"repeat","background-position":"center center","background-size":"auto","background-attachment":"scroll","background-type":"","background-media":"","overlay-type":"","overlay-color":"","overlay-opacity":"","overlay-gradient":""},"tablet":{"background-color":"var(--ast-global-color-5)","background-image":"","background-repeat":"repeat","background-position":"center center","background-size":"auto","background-attachment":"scroll","background-type":"","background-media":"","overlay-type":"","overlay-color":"","overlay-opacity":"","overlay-gradient":""},"mobile":{"background-color":"var(--ast-global-color-5)","background-image":"","background-repeat":"repeat","background-position":"center center","background-size":"auto","background-attachment":"scroll","background-type":"","background-media":"","overlay-type":"","overlay-color":"","overlay-opacity":"","overlay-gradient":""}},"footnotes":""},"class_list":["post-1830","page","type-page","status-publish","hentry"],"yoast_head":"<!-- This site is optimized with the Yoast SEO plugin v27.0 - https:\/\/yoast.com\/product\/yoast-seo-wordpress\/ -->\n<title>R\u00e9servation - choix des dates - La Cyclerie Moliets<\/title>\n<meta name=\"robots\" content=\"noindex, nofollow\" \/>\n<meta property=\"og:locale\" content=\"es_ES\" \/>\n<meta property=\"og:type\" content=\"article\" \/>\n<meta property=\"og:title\" content=\"R\u00e9servation - choix des dates - La Cyclerie Moliets\" \/>\n<meta property=\"og:description\" content=\"Je r\u00e9serve mes v\u00e9los Nous essayons de vous procurer la meilleure exp\u00e9rience v\u00e9lo des Landes. R\u00e9servez vos v\u00e9los en quelques clics avec notre logiciel de r\u00e9servation.\u00a0 R\u00e9servez votre location de v\u00e9los Renseignez les dates de location souhait\u00e9es et cliquez sur Rechercher Date de d\u00e9but Date de fin Comptez-vous r\u00e9cup\u00e9rer vos v\u00e9los apr\u00e8s 15h ? Non [&hellip;]\" \/>\n<meta property=\"og:url\" content=\"https:\/\/lacyclerie-moliets.fr\/es\/reservation-velo\/\" \/>\n<meta property=\"og:site_name\" content=\"La Cyclerie Moliets\" \/>\n<meta property=\"article:modified_time\" content=\"2024-06-25T14:51:48+00:00\" \/>\n<meta property=\"og:image\" content=\"https:\/\/lacyclerie-moliets.fr\/wp-content\/uploads\/2024\/05\/velo-lac.jpg\" \/>\n<meta name=\"twitter:card\" content=\"summary_large_image\" \/>\n<meta name=\"twitter:label1\" content=\"Tiempo de lectura\" \/>\n\t<meta name=\"twitter:data1\" content=\"1 minuto\" \/>\n<script type=\"application\/ld+json\" class=\"yoast-schema-graph\">{\"@context\":\"https:\/\/schema.org\",\"@graph\":[{\"@type\":\"WebPage\",\"@id\":\"https:\/\/lacyclerie-moliets.fr\/reservation-velo\/\",\"url\":\"https:\/\/lacyclerie-moliets.fr\/reservation-velo\/\",\"name\":\"R\u00e9servation - choix des dates - La Cyclerie Moliets\",\"isPartOf\":{\"@id\":\"https:\/\/lacyclerie-moliets.fr\/#website\"},\"primaryImageOfPage\":{\"@id\":\"https:\/\/lacyclerie-moliets.fr\/reservation-velo\/#primaryimage\"},\"image\":{\"@id\":\"https:\/\/lacyclerie-moliets.fr\/reservation-velo\/#primaryimage\"},\"thumbnailUrl\":\"https:\/\/lacyclerie-moliets.fr\/wp-content\/uploads\/2024\/05\/velo-lac.jpg\",\"datePublished\":\"2024-05-20T12:06:53+00:00\",\"dateModified\":\"2024-06-25T14:51:48+00:00\",\"breadcrumb\":{\"@id\":\"https:\/\/lacyclerie-moliets.fr\/reservation-velo\/#breadcrumb\"},\"inLanguage\":\"es\",\"potentialAction\":[{\"@type\":\"ReadAction\",\"target\":[\"https:\/\/lacyclerie-moliets.fr\/reservation-velo\/\"]}]},{\"@type\":\"ImageObject\",\"inLanguage\":\"es\",\"@id\":\"https:\/\/lacyclerie-moliets.fr\/reservation-velo\/#primaryimage\",\"url\":\"https:\/\/lacyclerie-moliets.fr\/wp-content\/uploads\/2024\/05\/velo-lac.jpg\",\"contentUrl\":\"https:\/\/lacyclerie-moliets.fr\/wp-content\/uploads\/2024\/05\/velo-lac.jpg\"},{\"@type\":\"BreadcrumbList\",\"@id\":\"https:\/\/lacyclerie-moliets.fr\/reservation-velo\/#breadcrumb\",\"itemListElement\":[{\"@type\":\"ListItem\",\"position\":1,\"name\":\"Accueil\",\"item\":\"https:\/\/lacyclerie-moliets.fr\/\"},{\"@type\":\"ListItem\",\"position\":2,\"name\":\"R\u00e9servation &#8211; choix des dates\"}]},{\"@type\":\"WebSite\",\"@id\":\"https:\/\/lacyclerie-moliets.fr\/#website\",\"url\":\"https:\/\/lacyclerie-moliets.fr\/\",\"name\":\"La Cyclerie Moliets\",\"description\":\"Votre location de v\u00e9lo \u00e0 Moliets-et-Maa\",\"publisher\":{\"@id\":\"https:\/\/lacyclerie-moliets.fr\/#organization\"},\"potentialAction\":[{\"@type\":\"SearchAction\",\"target\":{\"@type\":\"EntryPoint\",\"urlTemplate\":\"https:\/\/lacyclerie-moliets.fr\/?s={search_term_string}\"},\"query-input\":{\"@type\":\"PropertyValueSpecification\",\"valueRequired\":true,\"valueName\":\"search_term_string\"}}],\"inLanguage\":\"es\"},{\"@type\":\"Organization\",\"@id\":\"https:\/\/lacyclerie-moliets.fr\/#organization\",\"name\":\"La Cyclerie Moliets\",\"url\":\"https:\/\/lacyclerie-moliets.fr\/\",\"logo\":{\"@type\":\"ImageObject\",\"inLanguage\":\"es\",\"@id\":\"https:\/\/lacyclerie-moliets.fr\/#\/schema\/logo\/image\/\",\"url\":\"https:\/\/lacyclerie-moliets.fr\/wp-content\/uploads\/2021\/08\/logos-la_cyclerie_moliets-negatif.png\",\"contentUrl\":\"https:\/\/lacyclerie-moliets.fr\/wp-content\/uploads\/2021\/08\/logos-la_cyclerie_moliets-negatif.png\",\"width\":1182,\"height\":1182,\"caption\":\"La Cyclerie Moliets\"},\"image\":{\"@id\":\"https:\/\/lacyclerie-moliets.fr\/#\/schema\/logo\/image\/\"}}]}<\/script>\n<!-- \/ Yoast SEO plugin. -->","yoast_head_json":{"title":"R\u00e9servation - choix des dates - La Cyclerie Moliets","robots":{"index":"noindex","follow":"nofollow"},"og_locale":"es_ES","og_type":"article","og_title":"R\u00e9servation - choix des dates - La Cyclerie Moliets","og_description":"Je r\u00e9serve mes v\u00e9los Nous essayons de vous procurer la meilleure exp\u00e9rience v\u00e9lo des Landes. R\u00e9servez vos v\u00e9los en quelques clics avec notre logiciel de r\u00e9servation.\u00a0 R\u00e9servez votre location de v\u00e9los Renseignez les dates de location souhait\u00e9es et cliquez sur Rechercher Date de d\u00e9but Date de fin Comptez-vous r\u00e9cup\u00e9rer vos v\u00e9los apr\u00e8s 15h ? Non [&hellip;]","og_url":"https:\/\/lacyclerie-moliets.fr\/es\/reservation-velo\/","og_site_name":"La Cyclerie Moliets","article_modified_time":"2024-06-25T14:51:48+00:00","og_image":[{"url":"https:\/\/lacyclerie-moliets.fr\/wp-content\/uploads\/2024\/05\/velo-lac.jpg","type":"","width":"","height":""}],"twitter_card":"summary_large_image","twitter_misc":{"Tiempo de lectura":"1 minuto"},"schema":{"@context":"https:\/\/schema.org","@graph":[{"@type":"WebPage","@id":"https:\/\/lacyclerie-moliets.fr\/reservation-velo\/","url":"https:\/\/lacyclerie-moliets.fr\/reservation-velo\/","name":"R\u00e9servation - choix des dates - La Cyclerie Moliets","isPartOf":{"@id":"https:\/\/lacyclerie-moliets.fr\/#website"},"primaryImageOfPage":{"@id":"https:\/\/lacyclerie-moliets.fr\/reservation-velo\/#primaryimage"},"image":{"@id":"https:\/\/lacyclerie-moliets.fr\/reservation-velo\/#primaryimage"},"thumbnailUrl":"https:\/\/lacyclerie-moliets.fr\/wp-content\/uploads\/2024\/05\/velo-lac.jpg","datePublished":"2024-05-20T12:06:53+00:00","dateModified":"2024-06-25T14:51:48+00:00","breadcrumb":{"@id":"https:\/\/lacyclerie-moliets.fr\/reservation-velo\/#breadcrumb"},"inLanguage":"es","potentialAction":[{"@type":"ReadAction","target":["https:\/\/lacyclerie-moliets.fr\/reservation-velo\/"]}]},{"@type":"ImageObject","inLanguage":"es","@id":"https:\/\/lacyclerie-moliets.fr\/reservation-velo\/#primaryimage","url":"https:\/\/lacyclerie-moliets.fr\/wp-content\/uploads\/2024\/05\/velo-lac.jpg","contentUrl":"https:\/\/lacyclerie-moliets.fr\/wp-content\/uploads\/2024\/05\/velo-lac.jpg"},{"@type":"BreadcrumbList","@id":"https:\/\/lacyclerie-moliets.fr\/reservation-velo\/#breadcrumb","itemListElement":[{"@type":"ListItem","position":1,"name":"Accueil","item":"https:\/\/lacyclerie-moliets.fr\/"},{"@type":"ListItem","position":2,"name":"R\u00e9servation &#8211; choix des dates"}]},{"@type":"WebSite","@id":"https:\/\/lacyclerie-moliets.fr\/#website","url":"https:\/\/lacyclerie-moliets.fr\/","name":"La Cyclerie Moliets","description":"Votre location de v\u00e9lo \u00e0 Moliets-et-Maa","publisher":{"@id":"https:\/\/lacyclerie-moliets.fr\/#organization"},"potentialAction":[{"@type":"SearchAction","target":{"@type":"EntryPoint","urlTemplate":"https:\/\/lacyclerie-moliets.fr\/?s={search_term_string}"},"query-input":{"@type":"PropertyValueSpecification","valueRequired":true,"valueName":"search_term_string"}}],"inLanguage":"es"},{"@type":"Organization","@id":"https:\/\/lacyclerie-moliets.fr\/#organization","name":"La Cyclerie Moliets","url":"https:\/\/lacyclerie-moliets.fr\/","logo":{"@type":"ImageObject","inLanguage":"es","@id":"https:\/\/lacyclerie-moliets.fr\/#\/schema\/logo\/image\/","url":"https:\/\/lacyclerie-moliets.fr\/wp-content\/uploads\/2021\/08\/logos-la_cyclerie_moliets-negatif.png","contentUrl":"https:\/\/lacyclerie-moliets.fr\/wp-content\/uploads\/2021\/08\/logos-la_cyclerie_moliets-negatif.png","width":1182,"height":1182,"caption":"La Cyclerie Moliets"},"image":{"@id":"https:\/\/lacyclerie-moliets.fr\/#\/schema\/logo\/image\/"}}]}},"_links":{"self":[{"href":"https:\/\/lacyclerie-moliets.fr\/es\/wp-json\/wp\/v2\/pages\/1830","targetHints":{"allow":["GET"]}}],"collection":[{"href":"https:\/\/lacyclerie-moliets.fr\/es\/wp-json\/wp\/v2\/pages"}],"about":[{"href":"https:\/\/lacyclerie-moliets.fr\/es\/wp-json\/wp\/v2\/types\/page"}],"author":[{"embeddable":true,"href":"https:\/\/lacyclerie-moliets.fr\/es\/wp-json\/wp\/v2\/users\/4"}],"replies":[{"embeddable":true,"href":"https:\/\/lacyclerie-moliets.fr\/es\/wp-json\/wp\/v2\/comments?post=1830"}],"version-history":[{"count":33,"href":"https:\/\/lacyclerie-moliets.fr\/es\/wp-json\/wp\/v2\/pages\/1830\/revisions"}],"predecessor-version":[{"id":2097,"href":"https:\/\/lacyclerie-moliets.fr\/es\/wp-json\/wp\/v2\/pages\/1830\/revisions\/2097"}],"wp:attachment":[{"href":"https:\/\/lacyclerie-moliets.fr\/es\/wp-json\/wp\/v2\/media?parent=1830"}],"curies":[{"name":"wp","href":"https:\/\/api.w.org\/{rel}","templated":true}]}}